{"id":486,"date":"2020-03-19T16:26:25","date_gmt":"2020-03-19T16:26:25","guid":{"rendered":"http:\/\/gaestefuehrung-stedinger-land.de\/?page_id=486"},"modified":"2025-07-07T08:36:44","modified_gmt":"2025-07-07T08:36:44","slug":"jahresprogramm-2020","status":"publish","type":"page","link":"http:\/\/gaestefuehrung-stedinger-land.de\/?page_id=486","title":{"rendered":"Sommerprogramm 2025"},"content":{"rendered":"\n<p><\/p>\n\n\n\n<p><\/p>\n\n\n\n<p><\/p>\n\n\n<div class=\"wp-block-image is-resized\">\n<figure class=\"aligncenter size-large\"><img decoding=\"async\" loading=\"lazy\" width=\"1024\" height=\"768\" src=\"http:\/\/gaestefuehrung-stedinger-land.de\/wp-content\/uploads\/2025\/02\/20250209_152935-1024x768.jpg\" alt=\"\" class=\"wp-image-1038\" style=\"aspect-ratio:1.6;width:526px;height:auto\" srcset=\"http:\/\/gaestefuehrung-stedinger-land.de\/wp-content\/uploads\/2025\/02\/20250209_152935-1024x768.jpg 1024w, http:\/\/gaestefuehrung-stedinger-land.de\/wp-content\/uploads\/2025\/02\/20250209_152935-300x225.jpg 300w, http:\/\/gaestefuehrung-stedinger-land.de\/wp-content\/uploads\/2025\/02\/20250209_152935-768x576.jpg 768w, http:\/\/gaestefuehrung-stedinger-land.de\/wp-content\/uploads\/2025\/02\/20250209_152935-1536x1152.jpg 1536w, http:\/\/gaestefuehrung-stedinger-land.de\/wp-content\/uploads\/2025\/02\/20250209_152935.jpg 2000w\" sizes=\"(max-width: 1024px) 100vw, 1024px\" \/><figcaption class=\"wp-element-caption\">Exif_JPEG_PICTURE<\/figcaption><\/figure><\/div>\n\n\n<p><\/p>\n\n\n\n<figure class=\"wp-block-gallery aligncenter has-nested-images columns-default is-cropped wp-block-gallery-1 is-layout-flex wp-block-gallery-is-layout-flex\"><\/figure>\n\n\n\n<p><strong>Samstag, 26. April<\/strong>                                                                                                                                      <strong>&#8222;Eine Radtour ins Blaue zum Saisonstart&#8220;                        <\/strong>                                                                           Wir treffen uns zum gemeinsamen Fr\u00fchst\u00fcck im Cafe bei Edeka Maa\u00df in Lemwerder. Bei hoffentlich gutem Wetter schwingen wir uns gut gest\u00e4rkt zu einer Radtour von ca. 25 km aufs Fahrrad. An markanten Punkten gibt es interessante Zwischenstopps, kleine Besichtigungen und, wenn es passt, auch noch eine Kaffeepause. La\u00dft euch \u00fcberraschen!                                                                            <strong>Treffpunkt: 9.30 Uhr bei Edeka Maa\u00df in Lemwerder, Stedinger Str.                        Anmeldung bei Anke Bakenhus, Tel. 04406-1216, <\/strong>    <\/p>\n\n\n<div class=\"wp-block-image\">\n<figure class=\"aligncenter size-large is-resized\"><img decoding=\"async\" loading=\"lazy\" width=\"1024\" height=\"768\" src=\"http:\/\/gaestefuehrung-stedinger-land.de\/wp-content\/uploads\/2025\/02\/20250209_143511-1024x768.jpg\" alt=\"\" class=\"wp-image-1034\" style=\"aspect-ratio:1.3333333333333333;width:317px;height:auto\" srcset=\"http:\/\/gaestefuehrung-stedinger-land.de\/wp-content\/uploads\/2025\/02\/20250209_143511-1024x768.jpg 1024w, http:\/\/gaestefuehrung-stedinger-land.de\/wp-content\/uploads\/2025\/02\/20250209_143511-300x225.jpg 300w, http:\/\/gaestefuehrung-stedinger-land.de\/wp-content\/uploads\/2025\/02\/20250209_143511-768x576.jpg 768w, http:\/\/gaestefuehrung-stedinger-land.de\/wp-content\/uploads\/2025\/02\/20250209_143511-1536x1152.jpg 1536w, http:\/\/gaestefuehrung-stedinger-land.de\/wp-content\/uploads\/2025\/02\/20250209_143511.jpg 2000w\" sizes=\"(max-width: 1024px) 100vw, 1024px\" \/><\/figure><\/div>\n\n\n<p><\/p>\n\n\n\n<p><\/p>\n\n\n\n<p><strong>Mittwoch, 14. Mai                                                                                                                &#8222;Bildung trifft Kultur&#8220;                                                                                                               Eine Radtour f\u00fcr Natur- und Tierliebhaber<\/strong>                                                                  Diese ganzt\u00e4gige Radtour f\u00fchrt uns durch den Hasbruch, wo wir mit etwas Gl\u00fcck  schottische Hochlandrinder, die ganzj\u00e4hrig in einem angelegten Hutewald leben, sehen werden, zum Immengarten mit vielen Insekten, Pflanzen und einem &#8222;geheimen Garten&#8220;.  Es geht weiter ins &#8222;Regionale Umweltbildungszentrum&#8220; (RUZ) in Hollen, wo uns bei einer spannenden F\u00fchrung das Haus und Gel\u00e4nde, aber auch die Projekte und Kursangebote vorgestellt werden.                                                               Nat\u00fcrlich gibt es auch eine Einkehr zum Kaffeetrinken.                                                    <strong>Treffpunkt: 9.30 Uhr<\/strong> <strong>Dorfgemeinschaftshaus in Berne-Campe, Gl\u00fcsinger Helmer      Anmeldung bei Maike Schl\u00f6telburg, Tel. 04406-153<\/strong>3<\/p>\n\n\n\n\n\n<p><strong>Samstag, 15. Juni    <\/strong>                                                                                                                                    <strong>&#8222;Sommer in Lesmona&#8220;  <\/strong>                                                                                                         Heute  unternehmen wir wieder einmal eine Radtour auf die andere Weserseite, nach &#8222;Guntsiet&#8220;. Entlang Lesum und W\u00fcmme gibt es viel zu entdecken. In Knoops Park h\u00f6ren wir eine kleine Episode aus dem Roman &#8222;Sommer in Lesmona&#8220;. Am Schlo\u00df Sch\u00f6nebeck vorbei geht es zum Blindengarten und zur Lehnhof-Siedlung in St. Magnus. Diese entstand in 1950er Jahren in Anlehnung an die regional Bauerhausformen nach Pl\u00e4nen des Bremer Architekten Eberhard Gildemeister und wurde 1972 unter Denkmalschutz gestellt. Weitere interessante Stopps sind geplant.         <strong>Treffpunkt: 10.00 Uhr F\u00e4hre Lemwerder                                                                             Anmeldung bei Anke Bakenhus, Tel. 04406-1216<\/strong><\/p>\n\n\n\n<p><\/p>\n\n\n\n<p><strong>Samstag, 6. September                                                                                                                 &#8222;Weites Moor, alte Kirche, sch\u00f6ner Garten&#8220;<\/strong>                                                                    Zu einer gem\u00fctlichen Radtour  starten wir ab Huntebr\u00fcck nach Butteldorf in Moorriem. Nach einer Besichtigung mit F\u00fchrung der von 1732 stammenden St. Jacobi Kirche lassen wir die Seele baumeln im &#8222;Cafe Sehnlichkeiten&#8220; mit seinem gro\u00dfen Garten. Bei einem Getr\u00e4nk k\u00f6nnen wir hier unseren mitgebrachten Mittagsimbiss genie\u00dfen. Weiter f\u00fchrt uns der Weg ins Naturschutzgebiet Gellener Torfm\u00f6\u00f6rte im Ipweger Moor mit seiner interessanten Fauna und Flora. Zeit f\u00fcr ein gemeinsames Kaffeetrinken ist dann im Melkhus am Fuchsberg.                                  Gest\u00e4rkt und mit sch\u00f6nen Eindr\u00fccken treten wir auf verkehrsarmen Wegen die R\u00fcckfahrt an.                                                                                                                         <strong>Treffpunkt: 10.30 Uhr an der Huntebr\u00fccke                                                                    Anmeldung bei D\u00f6rte Spiekermann, Tel. 04402-8634586<\/strong><\/p>\n\n\n<div class=\"wp-block-image\">\n<figure class=\"aligncenter size-large is-resized\"><img decoding=\"async\" loading=\"lazy\" width=\"1024\" height=\"768\" src=\"http:\/\/gaestefuehrung-stedinger-land.de\/wp-content\/uploads\/2025\/02\/RIMG0645-1024x768.jpg\" alt=\"\" class=\"wp-image-1035\" style=\"aspect-ratio:1.3333333333333333;width:313px;height:auto\" srcset=\"http:\/\/gaestefuehrung-stedinger-land.de\/wp-content\/uploads\/2025\/02\/RIMG0645-1024x768.jpg 1024w, http:\/\/gaestefuehrung-stedinger-land.de\/wp-content\/uploads\/2025\/02\/RIMG0645-300x225.jpg 300w, http:\/\/gaestefuehrung-stedinger-land.de\/wp-content\/uploads\/2025\/02\/RIMG0645-768x576.jpg 768w, http:\/\/gaestefuehrung-stedinger-land.de\/wp-content\/uploads\/2025\/02\/RIMG0645-1536x1152.jpg 1536w, http:\/\/gaestefuehrung-stedinger-land.de\/wp-content\/uploads\/2025\/02\/RIMG0645-2048x1536.jpg 2048w\" sizes=\"(max-width: 1024px) 100vw, 1024px\" \/><figcaption class=\"wp-element-caption\">Exif_JPEG_PICTURE<\/figcaption><\/figure><\/div>\n\n\n<p><strong>Samstag, 7. Juni     &#8222;Bienen, Bl\u00fcten, Bienenstich&#8220;<\/strong>              <strong>       Zu Fu\u00df      <\/strong>                                                     Wegen des gro\u00dfen Zuspruchs vor zwei Jahren wiederholen wir gerne den Besuch bei einem Imker in Berne, der uns die interessante Arbeit mit seinen Bienenv\u00f6lkern vorstellen wird. Wir lassen uns Kaffee und Kuchen im Garten schmecken. Auch werden Honig und bienenfreundliche Pflanzen zum Kauf angeboten. Bei g\u00fcnstigen Wetterbedingungen wird auch ein Bienenstock ge\u00f6ffnet.                                               <strong>Treffpunkt: 14.00 Uhr Dorfgemeinschaftshaus Berne-Campe, Gl\u00fcsinger Helmer 1    Anmeldung bei Ursel M\u00fcller, Tel. 04406-1741<\/strong> <\/p>\n\n\n\n<p><strong>Freitag, 18. Juli                                                                                                                                Auf Spurensuche in Butjadingen   (muss leider entfallen!!) <\/strong><\/p>\n\n\n\n<p><\/p>\n\n\n\n<p><\/p>\n\n\n\n<p><\/p>\n\n\n\n<p><\/p>\n\n\n\n<p><\/p>\n\n\n\n<p><\/p>\n\n\n\n<p><\/p>\n\n\n\n<p><\/p>\n\n\n\n<p><\/p>\n\n\n\n<p><\/p>\n\n\n\n<p><\/p>\n\n\n\n<p><strong> <\/strong>Unsere Fahrr\u00e4der reisen mit uns in der Nordwestbahn bis Nordenham. Hier beginnt eine etwa 40 km lange Radtour mit vielen interessanten Stationen, beginnend mit dem Museum in Nordenham. Geplant ist weiterhin ein Besuch der Kirche in Blexen, anschlie\u00dfend genie\u00dfen wir den fantastische Blick \u00fcber den Deich nach Bremerhaven und zu den Weserinseln Langl\u00fctjen I und II. Hier entdecken wir auch den &#8222;Weserstein&#8220;, die sagenumwobenen Jedutenh\u00fcgel und die von K\u00fcnstlerinnen geschaffenen &#8222;Unsichtbaren Sehensw\u00fcrdigkeiten&#8220; mit ihren geheimnisvollen Klanginstatlationen. Einkehren werden wir in einem urigen Cafe\u00b4 in l\u00e4ndliocher Umgebung.                                                                                                                                    <strong>Treffpunkt: 9.30 Uhr Bahnhof Berne                                                                                     Anmeldungen bei D\u00f6rte Spiekermann, Tel. 04402-8634586 oder bei                                   Anke Bakenhus, Tel. 04406-1216  <\/strong><\/p>\n\n\n\n<p><\/p>\n\n\n\n<p><strong>Dienstag, 12. August                                                                                                                   &#8222;Aurich &#8211; eine Stadt im Herzen Ostfrieslands&#8220;                                                                   <\/strong>Nach einer Zug- und Busfahrt erreichen wir einen der gr\u00f6\u00dften Marktpl\u00e4tze Norddeutschlands mit seinem Kunstobjekt, im Volksmund &#8222;Auricher Tauchsieder&#8220; genannt. Hier haben wir Zeit, die sch\u00f6ne Innenstadt selbst zu erkunden. Anschlie\u00dfend wird uns in einer 1 1\/2std. Stadtf\u00fchrung die ehemalige Residenzstadt Aurich in ihrer baulichen und interessanten Vielfalt vorgestellt. Selbstverst\u00e4ndlich gibt es eine gemeinsame Kaffeepause, bevor wir mit vielen neuen Eindr\u00fccken die Heimfahrt antreten.                                                                                                             <strong>Treffpunkt: 8.50 Uhr Bahnhof Hude                                                                                  Anmeldung bei Maike Schl\u00f6telburg, Tel. 04406-1533<\/strong><\/p>\n\n\n\n<p> <strong>                                                                                     <\/strong><\/p>\n\n\n\n<p>. <\/p>\n\n\n\n<p><\/p>\n\n\n\n<p><\/p>\n\n\n\n<p><strong> <\/strong>                                                                                                                          <\/p>\n\n\n\n<p><\/p>\n\n\n\n<p><\/p>\n\n\n\n<p><\/p>\n\n\n\n<p><\/p>\n\n\n\n<p><\/p>\n\n\n\n<p><\/p>\n\n\n\n<p><\/p>\n\n\n\n<p><\/p>\n\n\n\n<p><\/p>\n\n\n\n<p><\/p>\n\n\n\n<p><\/p>\n\n\n\n\n\n<p><\/p>\n\n\n\n<p><\/p>\n\n\n\n<p>                                     <\/p>\n\n\n\n<p><\/p>\n\n\n\n\n\n<p><\/p>\n\n\n\n<p>                               <\/p>\n\n\n\n<p><\/p>\n\n\n\n<p><strong>                                                                                      <\/strong><\/p>\n\n\n\n<p><\/p>\n\n\n\n<p><\/p>\n\n\n\n<p><\/p>\n\n\n\n<p><\/p>\n\n\n\n<p><\/p>\n\n\n\n<p><strong>                                                                                                                                                                            <\/strong>                                                                                                                                                                             <strong>                                                                                          <\/strong><\/p>\n\n\n\n<p><\/p>\n\n\n\n<p><strong>                                                                                                                                                         <\/strong>                                                                                                                                                                                                                                                                                                                           <strong> <\/strong>                                                                                                                                <\/p>\n\n\n\n<p><\/p>\n\n\n\n<p><\/p>\n\n\n\n<p><\/p>\n\n\n\n<p><\/p>\n\n\n\n<p><\/p>\n\n\n\n<p>                                                                 <\/p>\n\n\n\n<p>       <\/p>\n\n\n\n<p><\/p>\n\n\n\n<p><\/p>\n\n\n\n<p><\/p>\n\n\n\n<p><\/p>\n\n\n\n<p>                                                                                                                     <strong>                                                                                                             <\/strong>                                                           <\/p>\n\n\n\n<p><strong>                                                                             <\/strong><\/p>\n\n\n\n<p><\/p>\n\n\n\n<p><\/p>\n\n\n\n<p><\/p>\n\n\n\n<p><\/p>\n\n\n\n<p><\/p>\n\n\n\n<p><\/p>\n\n\n\n<p><\/p>\n\n\n\n<p><\/p>\n\n\n\n<p><\/p>\n\n\n\n<p><\/p>\n\n\n\n<p><\/p>\n\n\n\n<p>                                                                                                                                     <\/p>\n\n\n\n<p><\/p>\n\n\n\n<p><\/p>\n\n\n\n<p><\/p>\n\n\n\n<p><\/p>\n\n\n\n<p><\/p>\n\n\n\n<p><\/p>\n\n\n\n<p><\/p>\n\n\n\n<p><\/p>\n\n\n\n<p><\/p>\n\n\n\n<p><\/p>\n\n\n\n<p><\/p>\n\n\n\n<p><\/p>\n\n\n\n<p><\/p>\n\n\n\n<p><\/p>\n\n\n\n<p><\/p>\n\n\n\n<p><\/p>\n\n\n\n<p><\/p>\n\n\n\n<p><\/p>\n\n\n\n<p><\/p>\n\n\n\n<p><\/p>\n\n\n\n<ul>\n<li><\/li>\n<\/ul>\n\n\n\n<p><\/p>\n\n\n\n<p><\/p>\n\n\n\n<p><\/p>\n\n\n\n<p>                                                                                                                                  <\/p>\n\n\n\n<p><strong>                                                                                                                                     <\/strong><\/p>\n\n\n\n<p><\/p>\n\n\n\n<p><\/p>\n\n\n\n<p><\/p>\n\n\n\n<p><\/p>\n\n\n\n<p><\/p>\n\n\n\n<p><\/p>\n\n\n\n<p>                                                                                                                              <\/p>\n\n\n\n<p>                                                                                                                                                                                                                                                                                                                             <\/p>\n\n\n\n<p>                                                                                                             <\/p>\n\n\n\n<p><\/p>\n\n\n\n<p><\/p>\n\n\n\n<p><\/p>\n\n\n\n<p>     <\/p>\n\n\n\n<p><\/p>\n\n\n\n<p><\/p>\n\n\n\n<p class=\"has-text-align-center has-normal-font-size\">           <\/p>\n\n\n\n<p class=\"has-normal-font-size\"><\/p>\n\n\n\n<p class=\"has-normal-font-size\"><\/p>\n\n\n\n<p><\/p>\n\n\n\n<p><\/p>\n\n\n\n<p><\/p>\n\n\n\n<p><\/p>\n\n\n\n<p><\/p>\n\n\n\n<p><\/p>\n\n\n\n<p><\/p>\n\n\n\n<p><\/p>\n\n\n\n<p><strong>                                                              <\/strong><\/p>\n\n\n\n<p><\/p>\n\n\n\n<p><\/p>\n\n\n\n<p>                                                                                                                           <\/p>\n\n\n\n<p><\/p>\n\n\n\n<p><\/p>\n\n\n\n<p>                                                                                                          <\/p>\n\n\n\n<p><\/p>\n\n\n<div class=\"wp-block-image is-resized\">\n<figure class=\"aligncenter size-large\"><img decoding=\"async\" loading=\"lazy\" width=\"768\" height=\"1024\" src=\"http:\/\/gaestefuehrung-stedinger-land.de\/wp-content\/uploads\/2024\/10\/20240903_114436-768x1024.jpg\" alt=\"\" class=\"wp-image-961\" style=\"aspect-ratio:0.75;width:414px;height:auto\" srcset=\"http:\/\/gaestefuehrung-stedinger-land.de\/wp-content\/uploads\/2024\/10\/20240903_114436-768x1024.jpg 768w, http:\/\/gaestefuehrung-stedinger-land.de\/wp-content\/uploads\/2024\/10\/20240903_114436-225x300.jpg 225w, http:\/\/gaestefuehrung-stedinger-land.de\/wp-content\/uploads\/2024\/10\/20240903_114436-1152x1536.jpg 1152w, http:\/\/gaestefuehrung-stedinger-land.de\/wp-content\/uploads\/2024\/10\/20240903_114436.jpg 1500w\" sizes=\"(max-width: 768px) 100vw, 768px\" \/><figcaption class=\"wp-element-caption\">Das G\u00e4stef\u00fchrer-Team: Anke Bakenhus, Maike Schl\u00f6telburg, D\u00f6rte Spiekermann, Ursel M\u00fcller<\/figcaption><\/figure><\/div>\n\n\n<p class=\"has-small-font-size\"><strong>Wichtige Hinweise:  <\/strong>                                                                                                                                                                           <strong>Da die G\u00e4stezahl bei allen Veranstaltungen begrenzt ist, bitten wir um rechtzeitige Anmeldung.                                        Die Teilnahme ist wie immer auf eigene Gefahr !  <\/strong> <\/p>\n\n\n\n<p class=\"has-small-font-size\"><strong>Evtl.  \u00c4nderungen und Erg\u00e4nzungen werden in der Tagespresse bekanntgegeben ! <\/strong>                                                    <\/p>\n\n\n\n<p><\/p>\n\n\n\n<p><\/p>\n\n\n\n<p class=\"has-normal-font-size\">                                                                                                  <\/p>\n\n\n\n<figure class=\"wp-block-gallery has-nested-images columns-default is-cropped wp-block-gallery-3 is-layout-flex wp-block-gallery-is-layout-flex\"><\/figure>\n\n\n\n<p class=\"has-medium-font-size\"><\/p>\n\n\n\n<p class=\"has-medium-font-size\"><\/p>\n\n\n\n<p><\/p>\n\n\n\n<p><strong>                                                            <\/strong>                                                                           <\/p>\n\n\n\n<p><\/p>\n\n\n\n\n\n<p><\/p>\n\n\n\n<p><\/p>\n\n\n\n<p><\/p>\n\n\n\n<p><\/p>\n\n\n\n<p style=\"font-size:12px\"><\/p>\n\n\n\n<p><\/p>\n\n\n\n<p><\/p>\n\n\n\n<h2 class=\"wp-block-heading\"><\/h2>\n","protected":false},"excerpt":{"rendered":"<p>Samstag, 26. April &#8222;Eine Radtour ins Blaue zum Saisonstart&#8220; Wir treffen uns zum gemeinsamen Fr\u00fchst\u00fcck im Cafe bei Edeka Maa\u00df in Lemwerder. Bei hoffentlich gutem Wetter schwingen wir uns gut gest\u00e4rkt zu einer Radtour von ca. 25 km aufs Fahrrad. An markanten Punkten gibt es interessante Zwischenstopps, kleine Besichtigungen und, wenn es passt, auch noch &hellip; <a href=\"http:\/\/gaestefuehrung-stedinger-land.de\/?page_id=486\" class=\"more-link\"><span class=\"screen-reader-text\">Sommerprogramm 2025<\/span> weiterlesen<\/a><\/p>\n","protected":false},"author":1,"featured_media":0,"parent":0,"menu_order":0,"comment_status":"closed","ping_status":"closed","template":"","meta":{"footnotes":""},"_links":{"self":[{"href":"http:\/\/gaestefuehrung-stedinger-land.de\/index.php?rest_route=\/wp\/v2\/pages\/486"}],"collection":[{"href":"http:\/\/gaestefuehrung-stedinger-land.de\/index.php?rest_route=\/wp\/v2\/pages"}],"about":[{"href":"http:\/\/gaestefuehrung-stedinger-land.de\/index.php?rest_route=\/wp\/v2\/types\/page"}],"author":[{"embeddable":true,"href":"http:\/\/gaestefuehrung-stedinger-land.de\/index.php?rest_route=\/wp\/v2\/users\/1"}],"replies":[{"embeddable":true,"href":"http:\/\/gaestefuehrung-stedinger-land.de\/index.php?rest_route=%2Fwp%2Fv2%2Fcomments&post=486"}],"version-history":[{"count":179,"href":"http:\/\/gaestefuehrung-stedinger-land.de\/index.php?rest_route=\/wp\/v2\/pages\/486\/revisions"}],"predecessor-version":[{"id":1041,"href":"http:\/\/gaestefuehrung-stedinger-land.de\/index.php?rest_route=\/wp\/v2\/pages\/486\/revisions\/1041"}],"wp:attachment":[{"href":"http:\/\/gaestefuehrung-stedinger-land.de\/index.php?rest_route=%2Fwp%2Fv2%2Fmedia&parent=486"}],"curies":[{"name":"wp","href":"https:\/\/api.w.org\/{rel}","templated":true}]}}