{"id":16,"date":"2018-11-10T21:45:12","date_gmt":"2018-11-10T21:45:12","guid":{"rendered":"http:\/\/gaestefuehrung-stedinger-land.de\/?page_id=16"},"modified":"2024-11-02T09:49:30","modified_gmt":"2024-11-02T09:49:30","slug":"kontakt","status":"publish","type":"page","link":"http:\/\/gaestefuehrung-stedinger-land.de\/?page_id=16","title":{"rendered":"Kontakte"},"content":{"rendered":"\n<div class=\"wp-block-group is-layout-constrained wp-block-group-is-layout-constrained\"><div class=\"wp-block-group__inner-container\">\n<p><span style=\"color: #000000;\"><span style=\"font-family: Arial, Helvetica, sans-serif;\"><span style=\"font-size: large;\">Wir planen und arrangieren<\/span><\/span> <span style=\"font-family: Arial, Helvetica, sans-serif;\"><span style=\"font-size: large;\">f\u00fcr Sie, Ihre Gruppen, Ihren Verein F\u00fchrungen mit verschiedenen Themenschwerpunkten nach Ihren W\u00fcnschen und \/ oder unseren Vorschl\u00e4gen<\/span><\/span><\/span>.<\/p>\n\n\n\n<p><span style=\"color: #000000;\"><span style=\"font-family: Arial, Helvetica, sans-serif;\"><span style=\"font-size: large;\"><b>Zu&nbsp; Fu\u00df, per Rad, mit Bus und Bahn<\/b><\/span><\/span><\/span><\/p>\n\n\n\n<p><span style=\"color: #000000;\"><span style=\"font-size: medium;\"><b>Unser Klassiker, immer wieder gerne gebucht f\u00fcr Gruppen mit eigenem Bus:<\/b><\/span><\/span><\/p>\n\n\n\n<p><span style=\"color: #000000;\"><span style=\"font-size: medium;\"><b>Stedingen und die Stedinger<\/b><\/span><\/span><\/p>\n\n\n\n<p>Wir besuchen das Denkmal, das an die Schlacht der Stedinger Bauern gegen den&nbsp;Bremer Erzbischof erinnert, au\u00dferdem die St. Aegidius-Kirche in Berne mit wertvollem Altar und Kanzel aus der M\u00fcnstermann-Werkstatt oder die St.-Gallus-Kirche in Altenesch mit M\u00fcnstermann-Kanzel.<\/p>\n\n\n\n<p>Auf Wunsch zeigen wir Ihnen die noch erhaltene Freilichb\u00fchne &#8222;Stedings-Ehre&#8220;, die f\u00fcr die Auff\u00fchrung des St\u00fcckes &#8222;De Stedinge&#8220; im Jahre 1935 errichtet wurde. Im Bus wird von Ihrer G\u00e4stef\u00fchrerin die Geschichte der Stedinger erz\u00e4hlt !<\/p>\n\n\n\n<p>Einkehr zum Mittagessen und\/oder Kaffeepause in einem Landcafe oder Melkhus&nbsp;organisieren wir gerne f\u00fcr Sie !<\/p>\n\n\n\n<p>Kostenbeitrag f\u00fcr die G\u00e4stef\u00fchrung 30 Euro\/Std.<\/p>\n\n\n\n<p><b>Weitere Themenf\u00fchrungen<\/b>:<\/p>\n\n\n\n<p>Rund um Berne &#8211; Von St\u00f6rchen und Kirchen.<\/p>\n\n\n\n<p>Deichgrafen auf der Spur &#8211; Von G\u00fctern, Gr\u00e4bern und Gezeiten.<\/p>\n\n\n<div class=\"wp-block-image\">\n<figure class=\"aligncenter size-large is-resized\"><img decoding=\"async\" loading=\"lazy\" width=\"1024\" height=\"768\" src=\"http:\/\/gaestefuehrung-stedinger-land.de\/wp-content\/uploads\/2024\/10\/IMG_0213-1024x768.jpg\" alt=\"\" class=\"wp-image-992\" style=\"aspect-ratio:1.2559214326978625;width:398px;height:auto\" srcset=\"http:\/\/gaestefuehrung-stedinger-land.de\/wp-content\/uploads\/2024\/10\/IMG_0213-1024x768.jpg 1024w, http:\/\/gaestefuehrung-stedinger-land.de\/wp-content\/uploads\/2024\/10\/IMG_0213-300x225.jpg 300w, http:\/\/gaestefuehrung-stedinger-land.de\/wp-content\/uploads\/2024\/10\/IMG_0213-768x576.jpg 768w, http:\/\/gaestefuehrung-stedinger-land.de\/wp-content\/uploads\/2024\/10\/IMG_0213-1536x1152.jpg 1536w, http:\/\/gaestefuehrung-stedinger-land.de\/wp-content\/uploads\/2024\/10\/IMG_0213-2048x1536.jpg 2048w\" sizes=\"(max-width: 1024px) 100vw, 1024px\" \/><figcaption class=\"wp-element-caption\">Gut Neuenhuntorf<\/figcaption><\/figure><\/div>\n\n\n<p class=\"has-text-align-center\">             Kontakt mit den G\u00e4stef\u00fchrerinnen siehe Links                  <\/p>\n\n\n\n<p><span style=\"font-size: x-large;\">&nbsp;&nbsp;&nbsp;&nbsp;&nbsp;&nbsp;&nbsp;&nbsp;&nbsp;&nbsp;&nbsp;&nbsp;&nbsp;&nbsp;&nbsp;&nbsp;&nbsp;&nbsp;&nbsp;&nbsp;&nbsp;&nbsp;&nbsp;&nbsp;&nbsp;&nbsp;         Wir freuen uns auf Sie !<\/span><\/p>\n\n\n\n<p><\/p>\n<\/div><\/div>\n\n\n<div class=\"wp-block-image\">\n<figure class=\"aligncenter size-large is-resized\"><img decoding=\"async\" loading=\"lazy\" width=\"768\" height=\"1024\" src=\"http:\/\/gaestefuehrung-stedinger-land.de\/wp-content\/uploads\/2024\/11\/20240903_114644-768x1024.jpg\" alt=\"\" class=\"wp-image-1014\" style=\"aspect-ratio:0.75;width:311px;height:auto\" srcset=\"http:\/\/gaestefuehrung-stedinger-land.de\/wp-content\/uploads\/2024\/11\/20240903_114644-768x1024.jpg 768w, http:\/\/gaestefuehrung-stedinger-land.de\/wp-content\/uploads\/2024\/11\/20240903_114644-225x300.jpg 225w, http:\/\/gaestefuehrung-stedinger-land.de\/wp-content\/uploads\/2024\/11\/20240903_114644-1152x1536.jpg 1152w, http:\/\/gaestefuehrung-stedinger-land.de\/wp-content\/uploads\/2024\/11\/20240903_114644.jpg 1500w\" sizes=\"(max-width: 768px) 100vw, 768px\" \/><\/figure><\/div>","protected":false},"excerpt":{"rendered":"<p>Wir planen und arrangieren f\u00fcr Sie, Ihre Gruppen, Ihren Verein F\u00fchrungen mit verschiedenen Themenschwerpunkten nach Ihren W\u00fcnschen und \/ oder unseren Vorschl\u00e4gen. Zu&nbsp; Fu\u00df, per Rad, mit Bus und Bahn Unser Klassiker, immer wieder gerne gebucht f\u00fcr Gruppen mit eigenem Bus: Stedingen und die Stedinger Wir besuchen das Denkmal, das an die Schlacht der Stedinger &hellip; <a href=\"http:\/\/gaestefuehrung-stedinger-land.de\/?page_id=16\" class=\"more-link\"><span class=\"screen-reader-text\">Kontakte<\/span> weiterlesen<\/a><\/p>\n","protected":false},"author":1,"featured_media":0,"parent":0,"menu_order":0,"comment_status":"closed","ping_status":"closed","template":"","meta":{"footnotes":""},"_links":{"self":[{"href":"http:\/\/gaestefuehrung-stedinger-land.de\/index.php?rest_route=\/wp\/v2\/pages\/16"}],"collection":[{"href":"http:\/\/gaestefuehrung-stedinger-land.de\/index.php?rest_route=\/wp\/v2\/pages"}],"about":[{"href":"http:\/\/gaestefuehrung-stedinger-land.de\/index.php?rest_route=\/wp\/v2\/types\/page"}],"author":[{"embeddable":true,"href":"http:\/\/gaestefuehrung-stedinger-land.de\/index.php?rest_route=\/wp\/v2\/users\/1"}],"replies":[{"embeddable":true,"href":"http:\/\/gaestefuehrung-stedinger-land.de\/index.php?rest_route=%2Fwp%2Fv2%2Fcomments&post=16"}],"version-history":[{"count":26,"href":"http:\/\/gaestefuehrung-stedinger-land.de\/index.php?rest_route=\/wp\/v2\/pages\/16\/revisions"}],"predecessor-version":[{"id":1015,"href":"http:\/\/gaestefuehrung-stedinger-land.de\/index.php?rest_route=\/wp\/v2\/pages\/16\/revisions\/1015"}],"wp:attachment":[{"href":"http:\/\/gaestefuehrung-stedinger-land.de\/index.php?rest_route=%2Fwp%2Fv2%2Fmedia&parent=16"}],"curies":[{"name":"wp","href":"https:\/\/api.w.org\/{rel}","templated":true}]}}